{"id":47132,"date":"2025-06-03T21:36:21","date_gmt":"2025-06-03T18:36:21","guid":{"rendered":"https:\/\/montenegro-real-estate.com\/?post_type=property&#038;p=47132"},"modified":"2026-02-18T18:28:14","modified_gmt":"2026-02-18T15:28:14","slug":"deniz-manzarali-luks-3-yatak-odali-przno-penthouse","status":"publish","type":"property","link":"https:\/\/montenegro-real-estate.com\/tr\/property\/luxury-3-bedroom-penthouse-przno-with-sea-view\/","title":{"rendered":"Pr\u017eno, Budva'da Panoramik Deniz Manzaral\u0131 L\u00fcks 3 Yatak Odal\u0131 Penthouse"},"content":{"rendered":"<p><strong><em>Pr\u017eno'da Deniz Manzaral\u0131 L\u00fcks 3 Yatak Odal\u0131 Penthouse<\/em><\/strong> \u2013 Budva'n\u0131n Pr\u017eno b\u00f6lgesindeki bu \u00f6zel 160m\u00b2 penthouse, nefes kesen panoramik deniz manzaras\u0131yla hayalinizdeki evi sahiplenmek i\u00e7in benzersiz bir f\u0131rsat sunuyor. Se\u00e7kin uluslararas\u0131 al\u0131c\u0131lar ve yat\u0131r\u0131mc\u0131lar i\u00e7in tasarlanan bu ferah ve ayd\u0131nl\u0131k 3 yatak odal\u0131 rezidans, yeni in\u015fa edilmi\u015f, al\u00e7ak katl\u0131 bir binan\u0131n t\u00fcm \u00fcst kat\u0131n\u0131 kapl\u0131yor. Adriyatik Denizi'ne sadece 200 metre ve huzurlu Milo\u010der Park\u0131'na ise sadece 5 dakikal\u0131k y\u00fcr\u00fcme mesafesindeki prime konumu, onu Budva Rivieras\u0131'n\u0131n en g\u00f6zde b\u00f6lgelerinden birine yerle\u015ftiriyor.<\/p>\n\n\n\n<h3 class=\"wp-block-heading\">M\u00fclk \u00d6zeti \u2013 Pr\u017eno'da Deniz Manzaral\u0131 L\u00fcks 3 Yatak Odal\u0131 Penthouse<\/h3>\n\n\n\n<p>Bu istisnai m\u00fclk, <strong>Pr\u017eno'da Deniz Manzaral\u0131 L\u00fcks 3 Yatak Odal\u0131 Penthouse<\/strong> modern k\u0131y\u0131 ya\u015fam\u0131n\u0131 somutla\u015ft\u0131r\u0131yor. 160m\u00b2'lik geni\u015f alan\u0131yla bolca yer ve do\u011fal \u0131\u015f\u0131k sa\u011flayarak havadar ve davetkar bir atmosfer yarat\u0131yor. M\u00fclk\u00fcn e\u015fsiz konumu, her pencereden Pr\u017eno K\u00f6rfezi'nin ve par\u0131ldayan Adriyatik'in muhte\u015fem, kesintisiz manzaras\u0131n\u0131 sunuyor. Bu sadece bir ev de\u011fil; canl\u0131 ama dingin bir \u00e7evrede gizlilik ve ayr\u0131cal\u0131k sunan bir ya\u015fam tarz\u0131 beyan\u0131d\u0131r. Karada\u011f'da \u00fcst d\u00fczey bir m\u00fclk arayanlar i\u00e7in bu penthouse \u00f6nemli bir f\u0131rsat\u0131 temsil ediyor.<\/p>\n\n\n\n<h3 class=\"wp-block-heading\">Kat Plan\u0131 \/ D\u00fczen<\/h3>\n\n\n\n<p>Bu penthouse'un d\u00fc\u015f\u00fcnceli i\u00e7 d\u00fczeni hem alan\u0131 hem de manzaray\u0131 maksimize ediyor:<\/p>\n\n\n\n<ul class=\"wp-block-list\">\n<li><strong>Giri\u015f Hol\u00fc:<\/strong> Ana ya\u015fam alanlar\u0131na a\u00e7\u0131lan davetkar bir giri\u015f noktas\u0131.<\/li>\n\n\n\n<li><strong>Geni\u015f A\u00e7\u0131k Plan Mutfak-Oturma-Yemek Alan\u0131:<\/strong> Bu c\u00f6mert\u00e7e boyutland\u0131r\u0131lm\u0131\u015f alan, hem rahatlama hem de e\u011flence i\u00e7in tasarlanm\u0131\u015f olup, a\u00e7\u0131k havada yemek yemek ve muhte\u015fem deniz manzaralar\u0131n\u0131n keyfini \u00e7\u0131karmak i\u00e7in ideal, b\u00fcy\u00fck bir manzara teras\u0131na sorunsuzca a\u00e7\u0131l\u0131yor.<\/li>\n\n\n\n<li><strong>Teras \u00c7\u0131k\u0131\u015fl\u0131 ve Banyolu \u0130ki Yatak Odas\u0131:<\/strong> Bu donan\u0131ml\u0131 yatak odalar\u0131, teraslara do\u011frudan eri\u015fim sunarak \u00f6zel a\u00e7\u0131k hava alanlar\u0131 sa\u011fl\u0131yor ve kendi \u00f6zel banyolar\u0131yla konfor ve kolayl\u0131k garanti ediyor.<\/li>\n\n\n\n<li><strong>\u00dc\u00e7\u00fcnc\u00fc Yatak Odas\u0131:<\/strong> Misafirler veya bir ev ofisi i\u00e7in ideal, ekstra bir konforlu yatak odas\u0131.<\/li>\n\n\n\n<li><strong>\u00dc\u00e7\u00fcnc\u00fc Banyo:<\/strong> Genel kullan\u0131m i\u00e7in uygun bir konumda ve \u00fc\u00e7\u00fcnc\u00fc yatak odas\u0131na hizmet veriyor.<\/li>\n\n\n\n<li><strong>Yayg\u0131n depolama sorunlar\u0131n\u0131 \u00e7\u00f6zerek evinizi derli toplu tutar.<\/strong> Bol depolama alan\u0131 sunan \u00f6zel bir mekan.<\/li>\n<\/ul>\n\n\n\n<p>Ayr\u0131ca sat\u0131n al\u0131nabilecek opsiyonel bir yeralt\u0131 otopark yeri, bu prime m\u00fclk\u00fcn konforuna katk\u0131da bulunuyor.<\/p>\n\n\n\n<h3 class=\"wp-block-heading\">Konum &amp; Yak\u0131n \u00c7evredeki Olanaklar<\/h3>\n\n\n\n<p>L\u00fcks bir tatil beldesine d\u00f6n\u00fc\u015fen \u015firin bir bal\u0131k\u00e7\u0131 k\u00f6y\u00fc olan Pr\u017eno'da yer alan bu penthouse, iki d\u00fcnyan\u0131n da en iyisini sunuyor: huzurlu k\u0131y\u0131 ya\u015fam\u0131 ve Budva'n\u0131n canl\u0131 cazibe merkezlerine kolay eri\u015fim. Pr\u017eno, resim gibi Krali\u00e7e Plaj\u0131 da dahil olmak \u00fczere g\u00fczel plajlar\u0131 ve nefis deniz \u00fcr\u00fcnleri restoranlar\u0131yla \u00fcnl\u00fcd\u00fcr. Yemye\u015fil Akdeniz bitki \u00f6rt\u00fcs\u00fc ve tarihi kraliyet konutlar\u0131yla Milo\u010der Park\u0131'na yak\u0131nl\u0131\u011f\u0131, keyifli y\u00fcr\u00fcy\u00fc\u015fler i\u00e7in huzurlu bir ka\u00e7\u0131\u015f imkan\u0131 sa\u011flar.<\/p>\n\n\n\n<p>Budva Rivieras\u0131, \u00e7e\u015fitli olanaklar sunan bir aktivite merkezidir:<\/p>\n\n\n\n<ul class=\"wp-block-list\">\n<li><strong>Plajlar:<\/strong> \u00c7ok say\u0131da kumlu plaj ve tenha koy.<\/li>\n\n\n\n<li><strong>Yeme-\u0130\u00e7me:<\/strong> Zengin bir yerel konoba ve uluslararas\u0131 restoran se\u00e7kisi.<\/li>\n\n\n\n<li><strong>Al\u0131\u015fveri\u015f:<\/strong> Butikler ve pazarlar.<\/li>\n\n\n\n<li><strong>Gece Hayat\u0131:<\/strong> Yak\u0131ndaki Budva'da canl\u0131 barlar ve kul\u00fcpler.<\/li>\n\n\n\n<li><strong>Ula\u015f\u0131labilirlik:<\/strong> Tivat Havaliman\u0131'na (TIV) ve Podgorica Havaliman\u0131'na (PGD) m\u00fckemmel karayolu ba\u011flant\u0131lar\u0131, uluslararas\u0131 seyahati kolayla\u015ft\u0131r\u0131yor.<\/li>\n<\/ul>\n\n\n\n<p>Bir <strong>Pr\u017eno'da Deniz Manzaral\u0131 L\u00fcks 3 Yatak Odal\u0131 Penthouse<\/strong> yat\u0131r\u0131m yapmak, Karada\u011f'\u0131n en arzu edilen sahil \u015feridinden bir par\u00e7ay\u0131 g\u00fcvence alt\u0131na almak, hem huzurlu bir inziva hem de aktif bir ya\u015fam tarz\u0131 sunmak demektir.<\/p>\n\n\n\n<h3 class=\"wp-block-heading\">Bu M\u00fclke Neden Yat\u0131r\u0131m Yapmal\u0131s\u0131n\u0131z?<\/h3>\n\n\n\n<p>Karada\u011f'\u0131n gayrimenkul piyasas\u0131 \u00f6nemli uluslararas\u0131 yat\u0131r\u0131m\u0131 \u00e7ekmeye devam ediyor ve Pr\u017eno'daki bu penthouse gibi m\u00fclkler birka\u00e7 nedenden \u00f6t\u00fcr\u00fc \u00f6zellikle cazip:<\/p>\n\n\n\n<ul class=\"wp-block-list\">\n<li><strong>Prime Konum:<\/strong> Pr\u017eno, do\u011fal g\u00fczelli\u011fi, \u00fcst d\u00fczey olanaklar\u0131 ve ba\u015fl\u0131ca cazibe merkezlerine yak\u0131nl\u0131\u011f\u0131 nedeniyle s\u00fcrekli olarak en g\u00f6zde konut ve turizm b\u00f6lgelerinden biri olarak s\u0131ralan\u0131yor.<\/li>\n\n\n\n<li><strong>Y\u00fcksek Kiralama Potansiyeli:<\/strong> Deniz manzaral\u0131 ve arzu edilen konumdaki m\u00fclkler, y\u00fcksek kira oranlar\u0131 talep ediyor ve Karada\u011f'\u0131n geli\u015fen turizm end\u00fcstrisinden faydalanmak isteyen yat\u0131r\u0131mc\u0131lar i\u00e7in m\u00fckemmel getiriler sunuyor.<\/li>\n\n\n\n<li><strong>Kaliteli \u0130n\u015faat:<\/strong> Yeni in\u015fa edilmi\u015f bir binada bulunmas\u0131 nedeniyle penthouse, modern yal\u0131t\u0131m, bitirme ve altyap\u0131 standartlar\u0131ndan faydalanarak uzun vadeli de\u011fer ve asgari bak\u0131m sa\u011fl\u0131yor.<\/li>\n\n\n\n<li><strong>Panoramik Manzaralar:<\/strong> \u00c7arp\u0131c\u0131, engelsiz deniz ve k\u00f6rfez manzaralar\u0131, e\u015fsiz ve son derece arzu edilen bir varl\u0131k sunan b\u00fcy\u00fck bir sat\u0131\u015f noktas\u0131d\u0131r.<\/li>\n\n\n\n<li><strong>\u00d6zellik:<\/strong> T\u00fcm \u00fcst kat\u0131 kaplamas\u0131, l\u00fcks piyasada b\u00fcy\u00fck de\u011fer g\u00f6ren gizlilik ve bir ayr\u0131cal\u0131k duygusu sa\u011fl\u0131yor.<\/li>\n\n\n\n<li><strong>Karada\u011f'\u0131n B\u00fcy\u00fcmesi:<\/strong> AB \u00fcyeli\u011fi aday\u0131 ve NATO \u00fcyesi olarak Karada\u011f, istikrarl\u0131 ve cazip bir yat\u0131r\u0131m iklimi sunuyor. \u00dclkenin \u00fcst d\u00fczey turizm altyap\u0131s\u0131 geli\u015ftirme taahh\u00fcd\u00fc, gayrimenkul de\u011ferlerini daha da art\u0131r\u0131yor. Karada\u011f'\u0131n turizm potansiyeli hakk\u0131nda daha fazla bilgi edinmek i\u00e7in g\u00fcvenilir kaynaklardan <a href=\"https:\/\/montenegro.travel\/\" target=\"_blank\" rel=\"noreferrer noopener\">Karada\u011f Ulusal Turizm Organizasyonu<\/a>.<\/li>\n<\/ul>\n\n\n\n<p>Bu <strong>Pr\u017eno'da Deniz Manzaral\u0131 L\u00fcks 3 Yatak Odal\u0131 Penthouse<\/strong> sadece bir daire de\u011fil; Avrupa'n\u0131n en g\u00fczel k\u0131y\u0131 destinasyonlar\u0131ndan birinde l\u00fcks bir ya\u015fam tarz\u0131na ve m\u00fcreffeh bir gelece\u011fe yap\u0131lan bir yat\u0131r\u0131md\u0131r. Di\u011fer <a href=\"https:\/\/montenegro-real-estate.com\/tr\/budvada-satilik-daireler\/\" target=\"_blank\" rel=\"noreferrer noopener\">Budva'da sat\u0131l\u0131k emlaklar<\/a> mevcut yat\u0131r\u0131m f\u0131rsatlar\u0131n\u0131 g\u00f6rmek i\u00e7in web sitemizi ziyaret edin.<\/p>\n\n\n\n<h3 class=\"wp-block-heading\">\u0130leti\u015fim: <\/h3>\n\n\n\n<p>Bu e\u015fsiz f\u0131rsat\u0131 ka\u00e7\u0131rmay\u0131n ve bir <strong>Pr\u017eno'da Deniz Manzaral\u0131 L\u00fcks 3 Yatak Odal\u0131 Penthouse<\/strong>. <\/p>\n\n\n\n<p><a href=\"https:\/\/montenegro-real-estate.com\/tr\/iletisim\/\">\u00d6zel bir g\u00f6r\u00fcnt\u00fcleme ayarlamak i\u00e7in bug\u00fcn bizimle ileti\u015fime ge\u00e7in<\/a> veya bu muhte\u015fem m\u00fclk ve Karada\u011f'daki di\u011fer premium gayrimenkul se\u00e7enekleri hakk\u0131nda daha fazla bilgi almak i\u00e7in.<\/p>\n\n\n\n<p><strong>Karada\u011f Gayrimenkul<\/strong> dikkatinizi hak etmektedir. <a href=\"https:\/\/montenegro-real-estate.com\/tr\/\" target=\"_blank\" rel=\"noreferrer noopener\">Web sitesi:<\/a> <\/p>\n\n\n\n<p>Telefon: +38268431853<\/p>\n\n\n\n<p>E-posta: sales@montenegro-real-estate.com<\/p>","protected":false},"excerpt":{"rendered":"<p>Luxury 3 Bedroom Penthouse Pr\u017eno with Sea View &#8211; This exclusive 160m\u00b2 penthouse in Pr\u017eno, Budva, offers an unparalleled opportunity to own a dream home with breathtaking panoramic sea views. Designed for discerning international buyers and investors, this spacious and bright 3-bedroom residence occupies the entire top floor of a newly constructed, low-rise building. Its [&hellip;]<\/p>\n","protected":false},"author":1,"featured_media":47133,"parent":0,"menu_order":0,"template":"","property_type":[132],"property_status":[189,148],"property_feature":[202,194,283,145],"property_label":[],"property_country":[305],"property_state":[317],"property_city":[225],"class_list":["post-47132","property","type-property","status-publish","has-post-thumbnail","hentry","property_type-apartments","property_status-reduced-price","property_status-resale","property_feature-air-conditioners","property_feature-mountain-view","property_feature-sea-view","property_feature-terrace","property_country-montenegro","property_state-budva-region","property_city-przno"],"property_meta":{"_edit_lock":["1771428495:1"],"rank_math_internal_links_processed":["1"],"rank_math_seo_score":["83"],"rank_math_primary_property_city":["225"],"rank_math_contentai_score":["a:5:{s:8:\"keywords\";s:5:\"74.51\";s:9:\"wordCount\";s:1:\"0\";s:9:\"linkCount\";s:1:\"0\";s:12:\"headingCount\";s:1:\"0\";s:10:\"mediaCount\";s:1:\"0\";}"],"rank_math_focus_keyword":["Luxury 3 Bedroom Penthouse Pr\u017eno with Sea View,real estate montenegro"],"rank_math_title":["Luxury 3 Bedroom Penthouse Pr\u017eno with Sea View | 160m\u00b2 Exclusive Dream Home"],"rank_math_description":["Luxury 3 Bedroom Penthouse Pr\u017eno with Sea View. Discover this spacious 160m\u00b2 exclusive dream home in Budva, just 200m from the sea. "],"_thumbnail_id":["47133"],"_edit_last":["1"],"fave_property_price":["400000"],"fave_show_price_placeholder":["0"],"fave_property_size":["160"],"fave_property_size_prefix":["m2"],"fave_property_bedrooms":["3"],"fave_property_bathrooms":["3"],"fave_property_id":["NI-NB-91"],"fave_distance-to-the-sea":["200m"],"fave_property_map":["1"],"fave_property_map_address":["Pr\u017eno, Op\u0161tina Budva, Crna Gora \/ \u0426\u0440\u043d\u0430 \u0413\u043e\u0440\u0430"],"fave_property_location":["42.268107,18.8938065,15"],"houzez_geolocation_lat":["42.268107"],"houzez_geolocation_long":["18.8938065"],"fave_property_map_street_view":["hide"],"fave_featured":["0"],"houzez_featured_listing_date":[""],"fave_loggedintoview":["0"],"fave_agent_display_option":["author_info"],"fave_prop_homeslider":["no"],"fave_single_top_area":["global"],"fave_single_content_area":["global"],"houzez_manual_expire":["0"],"_houzez_expiration_date_status":["saved"],"houzez_total_property_views":["998"],"houzez_views_by_date":["a:61:{s:10:\"02-24-2026\";i:7;s:10:\"02-25-2026\";i:12;s:10:\"02-26-2026\";i:2;s:10:\"02-27-2026\";i:7;s:10:\"02-28-2026\";i:11;s:10:\"03-01-2026\";i:8;s:10:\"03-02-2026\";i:8;s:10:\"03-03-2026\";i:13;s:10:\"03-04-2026\";i:6;s:10:\"03-05-2026\";i:8;s:10:\"03-06-2026\";i:13;s:10:\"03-07-2026\";i:6;s:10:\"03-08-2026\";i:5;s:10:\"03-09-2026\";i:5;s:10:\"03-10-2026\";i:4;s:10:\"03-11-2026\";i:6;s:10:\"03-12-2026\";i:5;s:10:\"03-13-2026\";i:4;s:10:\"03-14-2026\";i:21;s:10:\"03-15-2026\";i:13;s:10:\"03-16-2026\";i:8;s:10:\"03-17-2026\";i:4;s:10:\"03-18-2026\";i:4;s:10:\"03-19-2026\";i:1;s:10:\"03-20-2026\";i:6;s:10:\"03-21-2026\";i:1;s:10:\"03-23-2026\";i:1;s:10:\"03-24-2026\";i:11;s:10:\"03-25-2026\";i:5;s:10:\"03-26-2026\";i:6;s:10:\"03-27-2026\";i:4;s:10:\"03-28-2026\";i:7;s:10:\"03-29-2026\";i:11;s:10:\"03-30-2026\";i:9;s:10:\"03-31-2026\";i:2;s:10:\"04-01-2026\";i:1;s:10:\"04-02-2026\";i:3;s:10:\"04-04-2026\";i:5;s:10:\"04-05-2026\";i:1;s:10:\"04-07-2026\";i:2;s:10:\"04-08-2026\";i:4;s:10:\"04-09-2026\";i:1;s:10:\"04-10-2026\";i:3;s:10:\"04-11-2026\";i:2;s:10:\"04-12-2026\";i:4;s:10:\"04-13-2026\";i:2;s:10:\"04-14-2026\";i:5;s:10:\"04-15-2026\";i:5;s:10:\"04-16-2026\";i:4;s:10:\"04-17-2026\";i:8;s:10:\"04-18-2026\";i:8;s:10:\"04-19-2026\";i:4;s:10:\"04-20-2026\";i:9;s:10:\"04-21-2026\";i:3;s:10:\"04-22-2026\";i:5;s:10:\"04-23-2026\";i:3;s:10:\"04-24-2026\";i:2;s:10:\"04-25-2026\";i:4;s:10:\"04-26-2026\";i:4;s:10:\"04-27-2026\";i:5;s:10:\"04-28-2026\";i:6;}"],"houzez_recently_viewed":["2026-04-28 19:11:33"],"_wptg_p2tg_sent2tg":["2025-06-03 21:36:59"],"_cmplz_scanned_post":["1"],"fave_property_sec_price":["545000"],"fave_property_price_prefix":["Until end of February"],"fave_property_price_postfix":["Regular Price"],"fave_private_note":["\u041a\u043e\u043d\u0442\u0430\u043a\u0442\u044b \u0434\u043b\u044f \u043f\u043e\u043a\u0430\u0437\u0430:\r\nWhatsApp \/ Telegram: +382 67 997 721\r\nTelegram: @invest_in_montenegro komisija 10%"],"cmplz_hide_cookiebanner":[""],"fave_property_images":["47133","47134","47135","47136","47137","47138","47139","47140","47141","47142","47143","47144","47145","47146","47147","47148","47149","47150","47151","47152","47153","47154","47155","47156","47157"],"fave_video_url":["https:\/\/youtube.com\/shorts\/hUjEdyW9yrk?feature=share"],"wp-smush-lcp-data-4c0508d3c231c93741e6721de18f0877":["a:6:{s:8:\"selector\";s:24:\".img-wrap-1 > .img-fluid\";s:14:\"selector_xpath\";s:76:\"\/html\/body\/main\/section[4]\/div[2]\/div\/div[2]\/div\/div[1]\/div\/div[1]\/div\/a\/img\";s:11:\"selector_id\";s:0:\"\";s:14:\"selector_class\";s:28:\"img-fluid entered lazyloaded\";s:9:\"image_url\";s:116:\"https:\/\/b4414686.smushcdn.com\/4414686\/wp-content\/uploads\/2025\/06\/MRE-property-1-7-780x780.jpg?lossy=2&strip=1&avif=1\";s:7:\"version\";i:7;}"],"wp-smush-lcp-data-5f48eb6bc1a4b2df371b8528ab53e6d1":["a:6:{s:8:\"selector\";s:24:\".property-featured-image\";s:14:\"selector_xpath\";s:48:\"\/html\/body\/main\/section[4]\/div[2]\/div\/div[1]\/img\";s:11:\"selector_id\";s:0:\"\";s:14:\"selector_class\";s:48:\"property-featured-image w-100 h-100 left-0 top-0\";s:9:\"image_url\";s:98:\"https:\/\/montenegro-real-estate.com\/wp-content\/smush-avif\/2025\/06\/MRE-property-1-7-780x780.jpg.avif\";s:7:\"version\";i:21;}"],"wp-smush-lcp-data-551999909b69a8b551d45b1fa2bbfb9e":["a:6:{s:8:\"selector\";s:24:\".property-featured-image\";s:14:\"selector_xpath\";s:48:\"\/html\/body\/main\/section[4]\/div[2]\/div\/div[1]\/img\";s:11:\"selector_id\";s:0:\"\";s:14:\"selector_class\";s:65:\"property-featured-image w-100 h-100 left-0 top-0 smush-dimensions\";s:9:\"image_url\";s:116:\"https:\/\/b4414686.smushcdn.com\/4414686\/wp-content\/uploads\/2025\/06\/MRE-property-1-7-780x780.jpg?lossy=2&strip=1&avif=1\";s:7:\"version\";i:19;}"],"wp-smush-lcp-data-fbda0c7f0a268d72d60b7b8b8913203b":["a:6:{s:8:\"selector\";s:24:\".property-featured-image\";s:14:\"selector_xpath\";s:48:\"\/html\/body\/main\/section[4]\/div[2]\/div\/div[1]\/img\";s:11:\"selector_id\";s:0:\"\";s:14:\"selector_class\";s:48:\"property-featured-image w-100 h-100 left-0 top-0\";s:9:\"image_url\";s:116:\"https:\/\/b4414686.smushcdn.com\/4414686\/wp-content\/uploads\/2025\/06\/MRE-property-1-7-780x780.jpg?lossy=2&strip=1&avif=1\";s:7:\"version\";i:21;}"],"_elementor_page_assets":["a:0:{}"]},"_links":{"self":[{"href":"https:\/\/montenegro-real-estate.com\/tr\/wp-json\/wp\/v2\/properties\/47132","targetHints":{"allow":["GET"]}}],"collection":[{"href":"https:\/\/montenegro-real-estate.com\/tr\/wp-json\/wp\/v2\/properties"}],"about":[{"href":"https:\/\/montenegro-real-estate.com\/tr\/wp-json\/wp\/v2\/types\/property"}],"author":[{"embeddable":true,"href":"https:\/\/montenegro-real-estate.com\/tr\/wp-json\/wp\/v2\/users\/1"}],"version-history":[{"count":0,"href":"https:\/\/montenegro-real-estate.com\/tr\/wp-json\/wp\/v2\/properties\/47132\/revisions"}],"wp:featuredmedia":[{"embeddable":true,"href":"https:\/\/montenegro-real-estate.com\/tr\/wp-json\/wp\/v2\/media\/47133"}],"wp:attachment":[{"href":"https:\/\/montenegro-real-estate.com\/tr\/wp-json\/wp\/v2\/media?parent=47132"}],"wp:term":[{"taxonomy":"property_type","embeddable":true,"href":"https:\/\/montenegro-real-estate.com\/tr\/wp-json\/wp\/v2\/property_type?post=47132"},{"taxonomy":"property_status","embeddable":true,"href":"https:\/\/montenegro-real-estate.com\/tr\/wp-json\/wp\/v2\/property_status?post=47132"},{"taxonomy":"property_feature","embeddable":true,"href":"https:\/\/montenegro-real-estate.com\/tr\/wp-json\/wp\/v2\/property_feature?post=47132"},{"taxonomy":"property_label","embeddable":true,"href":"https:\/\/montenegro-real-estate.com\/tr\/wp-json\/wp\/v2\/property_label?post=47132"},{"taxonomy":"property_country","embeddable":true,"href":"https:\/\/montenegro-real-estate.com\/tr\/wp-json\/wp\/v2\/property_country?post=47132"},{"taxonomy":"property_state","embeddable":true,"href":"https:\/\/montenegro-real-estate.com\/tr\/wp-json\/wp\/v2\/property_state?post=47132"},{"taxonomy":"property_city","embeddable":true,"href":"https:\/\/montenegro-real-estate.com\/tr\/wp-json\/wp\/v2\/property_city?post=47132"}],"curies":[{"name":"wp","href":"https:\/\/api.w.org\/{rel}","templated":true}]}}