{"id":47115,"date":"2025-06-03T20:55:25","date_gmt":"2025-06-03T17:55:25","guid":{"rendered":"https:\/\/montenegro-real-estate.com\/?post_type=property&#038;p=47115"},"modified":"2026-04-22T19:43:31","modified_gmt":"2026-04-22T16:43:31","slug":"prznoda-satilik-2-yatak-odali-daire","status":"houzez_sold","type":"property","link":"https:\/\/montenegro-real-estate.com\/tr\/property\/2-bedroom-apartment-for-sale-in-przno\/","title":{"rendered":"Pr\u017eno'da Sat\u0131l\u0131k 2 Yatak Odal\u0131 Daire \u2013 2025 Deniz Manzaral\u0131 F\u0131rsat"},"content":{"rendered":"<h2 class=\"wp-block-heading\">Pr\u017eno'da Sat\u0131l\u0131k 2 Yatak Odal\u0131 Daire - Budva'n\u0131n Huzurlu Banliy\u00f6s\u00fcnde Prime Gayrimenkul<\/h2>\n\n\n\n<p>Budva'da deniz manzaral\u0131 ve yat\u0131r\u0131m potansiyeli olan bir gayrimenkul ar\u0131yor musunuz? Pr\u017eno'daki bu geni\u015f 2 yatak odal\u0131 daire m\u00fckemmel bir se\u00e7im olabilir. Karada\u011f'\u0131n en sevimli sahil k\u00f6ylerinden birinde konumlanan bu m\u00fclk, konfor, huzur ve denize yak\u0131nl\u0131\u011f\u0131n nadir bir kar\u0131\u015f\u0131m\u0131n\u0131 sunuyor.<\/p>\n\n\n\n<p>Denizden sadece <strong>Adriyatik sahiline 400 metre mesafede<\/strong> ve \u00fcnl\u00fc <strong>Milocer Park\u0131'na<\/strong>, sadece 7 dakikal\u0131k y\u00fcr\u00fcme mesafesinde bulunan daire, asans\u00f6rl\u00fc modern ve al\u00e7ak katl\u0131 bir rezidans binas\u0131nda yer al\u0131yor. <strong>Y\u00fcksek tavanlar\u0131<\/strong> ve sakin, ye\u015fil \u00e7evresiyle birlikte, bu m\u00fclk <strong>daha fazla daireye g\u00f6z at\u0131n<\/strong> kategorisindeki en cazip se\u00e7eneklerden biri.<\/p>\n\n\n\n<hr class=\"wp-block-separator has-alpha-channel-opacity\"\/>\n\n\n\n<h2 class=\"wp-block-heading\">Pr\u017eno'da Sat\u0131l\u0131k 2 Yatak Odal\u0131 Daire Detaylar\u0131<\/h2>\n\n\n\n<ul class=\"wp-block-list\">\n<li><strong>Konum:<\/strong> Pr\u017eno, Budva<\/li>\n\n\n\n<li><strong>Toplam Alan:<\/strong> 60 m\u00b2<\/li>\n\n\n\n<li><strong>Yatak Odas\u0131 Say\u0131s\u0131:<\/strong> 2<\/li>\n\n\n\n<li><strong>Banyo Say\u0131s\u0131:<\/strong> 1 tam banyo + 1 m\u00fcstakil tuvalet<\/li>\n\n\n\n<li><strong>Teraslar:<\/strong> 2 (biri \u00f6zel, biri oturma odas\u0131na ba\u011fl\u0131)<\/li>\n\n\n\n<li><strong>Tavan Y\u00fcksekli\u011fi:<\/strong> Ekstra y\u00fcksek (asma kat yap\u0131m\u0131 m\u00fcmk\u00fcn)<\/li>\n\n\n\n<li><strong>Kat:<\/strong> 2. kat\u0131nda<\/li>\n\n\n\n<li><strong>Denize Mesafe:<\/strong> 400 metre<\/li>\n\n\n\n<li><strong>Otopark:<\/strong> Bina \u00f6n\u00fcnde \u00fccretsiz \u00f6zel otopark<\/li>\n\n\n\n<li><strong>Bina \u00d6zellikleri:<\/strong> Asans\u00f6r, modern yap\u0131<\/li>\n<\/ul>\n\n\n\n<hr class=\"wp-block-separator has-alpha-channel-opacity\"\/>\n\n\n\n<h2 class=\"wp-block-heading\">\u0130\u00e7 Mekan D\u00fczeni<\/h2>\n\n\n\n<h3 class=\"wp-block-heading\">\ud83c\udfe0 Konfor i\u00e7in \u00d6zenle Tasarlanm\u0131\u015f<\/h3>\n\n\n\n<ul class=\"wp-block-list\">\n<li><strong>Giri\u015f Hol\u00fc:<\/strong> Ayd\u0131nl\u0131k ve ferah bir alana a\u00e7\u0131l\u0131yor<\/li>\n\n\n\n<li><strong>Oturma Odas\u0131 &amp; Mutfak:<\/strong> Geni\u015f pencereli ve <strong>deniz ve orman manzaral\u0131<\/strong><\/li>\n\n\n\n<li><strong>ana terasa \u00e7\u0131k\u0131\u015f\u0131 olan birle\u015fik geni\u015f alan<\/strong> Ana Yatak Odas\u0131:<\/li>\n\n\n\n<li><strong>Ye\u015filliklere bakan daha k\u00fc\u00e7\u00fck, \u00f6zel bir terasa a\u00e7\u0131l\u0131yor<\/strong> \u0130kinci Yatak Odas\u0131:<\/li>\n\n\n\n<li><strong>Misafirler, \u00e7ocuklar veya ev ofisi i\u00e7in ideal<\/strong> Ana Banyo:<\/li>\n\n\n\n<li><strong>Modern s\u0131hhi tesisatla donat\u0131lm\u0131\u015f<\/strong> Misafir Tuvaleti:<\/li>\n<\/ul>\n\n\n\n<hr class=\"wp-block-separator has-alpha-channel-opacity\"\/>\n\n\n\n<h2 class=\"wp-block-heading\">Ziyaret\u00e7iler i\u00e7in ekstra konfor sa\u011fl\u0131yor<\/h2>\n\n\n\n<p><strong>Yat\u0131r\u0131m &amp; Ya\u015fam Avantajlar\u0131<\/strong> is <strong>Pr\u017eno'da sat\u0131l\u0131k 2 yatak odal\u0131 bu daire,<\/strong>. y\u0131l boyu ya\u015fam, sezonluk kiralama veya tatil i\u00e7in m\u00fckemmel bir se\u00e7im. Y\u00fcksek tavanlar sayesinde <strong>asma kat<\/strong>, yaparak kullan\u0131labilir alan\u0131 <strong>20%<\/strong>, kadar art\u0131rma imkan\u0131n\u0131z bulunuyor; bu da yeni yap\u0131lan dairelerde nadir bulunan bir f\u0131rsat.<\/p>\n\n\n\n<p>Budva'n\u0131n en g\u00f6zde <strong>banliy\u00f6lerinden birinde<\/strong>, yer alan Pr\u017eno, g\u00fcvenli\u011fi, sakinli\u011fi ve manzaras\u0131yla \u00fcnl\u00fcd\u00fcr. Yak\u0131n \u00e7evrede \u015funlar\u0131 bulacaks\u0131n\u0131z:<\/p>\n\n\n\n<ul class=\"wp-block-list\">\n<li>Y\u0131l boyu a\u00e7\u0131k market<\/li>\n\n\n\n<li>Yerel okul ve anaokulu<\/li>\n\n\n\n<li>Bakir plajlar ve koylar<\/li>\n\n\n\n<li>\u0130konik Milocer Park\u0131<\/li>\n\n\n\n<li>L\u00fcks restoranlar ve plaj kul\u00fcpleri<\/li>\n<\/ul>\n\n\n\n<p>T\u00fcm bu \u00f6zellikler, m\u00fclk\u00fc <strong>Karada\u011f'da sat\u0131l\u0131k m\u00fclk<\/strong> kiralama potansiyeli ve uzun vadeli de\u011fer art\u0131\u015f\u0131 arayanlar i\u00e7in cazip k\u0131l\u0131yor.<\/p>\n\n\n\n<hr class=\"wp-block-separator has-alpha-channel-opacity\"\/>\n\n\n\n<h3 class=\"wp-block-heading\">Pr\u017eno'da Sat\u0131l\u0131k 2 Yatak Odal\u0131 Daire \u2013 Fiyat \u0130ndirimi Uyar\u0131s\u0131 \ud83d\udcb6<\/h3>\n\n\n\n<ul class=\"wp-block-list\">\n<li><strong>Eski Fiyat:<\/strong> \u20ac208,000<\/li>\n\n\n\n<li><strong>Yeni Fiyat:<\/strong> \u20ac190,000<\/li>\n<\/ul>\n\n\n\n<p>\u015eimdi <strong>olduk\u00e7a rekabet\u00e7i bir fiyata<\/strong>, listelenen bu daire, <strong>Karada\u011f'da Sat\u0131l\u0131k M\u00fclk - Karada\u011f M\u00fclk \u0130kameti 2026<\/strong> deniz manzaral\u0131 bir m\u00fclke sahip olmak i\u00e7in e\u015fsiz bir f\u0131rsat.<\/p>\n\n\n\n<hr class=\"wp-block-separator has-alpha-channel-opacity\"\/>\n\n\n\n<h2 class=\"wp-block-heading\">Neden Budva Gayrimenkul\u00fcne Yat\u0131r\u0131m Yapmal\u0131s\u0131n\u0131z?<\/h2>\n\n\n\n<p>Budva, Adriyatik'te en \u00e7ok ziyaret edilen ve ekonomik a\u00e7\u0131dan en hareketli \u015fehirlerden biridir. \u0130ster ikinci bir ev aray\u0131n, ister portf\u00f6y\u00fcn\u00fcze <strong>Karada\u011f'da emlak<\/strong>, eklemek isteyin, Pr\u017eno'daki m\u00fclkler g\u00fcvenlik ve k\u00e2rl\u0131l\u0131k potansiyeli sunar. Daha fazla se\u00e7enek i\u00e7in \u015furay\u0131 inceleyin:<\/p>\n\n\n\n<ul class=\"wp-block-list\">\n<li><a href=\"https:\/\/montenegro-real-estate.com\/tr\/budvada-satilik-daireler\/\">\u00a9 MRE-property - T\u00fcm haklar\u0131 sakl\u0131d\u0131r<\/a><\/li>\n\n\n\n<li><a href=\"https:\/\/montenegro-real-estate.com\/tr\/karadagda-satilik-daireler\/\">Ulcinj'de Emlak<\/a><\/li>\n\n\n\n<li><a href=\"https:\/\/montenegro-real-estate.com\/tr\/\">Karada\u011f'da Sat\u0131l\u0131k M\u00fclk<\/a><\/li>\n\n\n\n<li><a href=\"https:\/\/montenegro-real-estate.com\/tr\/hizmetlerimiz-hakkinda-daha-fazla-bilgi-edinin\/\">Hizmetlerimiz<\/a><\/li>\n\n\n\n<li><a href=\"https:\/\/montenegro-real-estate.com\/tr\/mulk-satmak\/\">Karada\u011f'da M\u00fclk\u00fcn\u00fcz\u00fc Sat\u0131n<\/a><\/li>\n<\/ul>\n\n\n\n<p><strong>Harici Do\u011frulanm\u0131\u015f Kaynaklar<\/strong><\/p>\n\n\n\n<ul class=\"wp-block-list\">\n<li><a href=\"https:\/\/www.montenegro.travel\/en\" target=\"_blank\" rel=\"noreferrer noopener\">Montenegro Travel \u2013 Budva Genel Bak\u0131\u015f<\/a><\/li>\n\n\n\n<li><a class=\"\" href=\"https:\/\/en.wikipedia.org\/wiki\/Budva\" target=\"_blank\" rel=\"noreferrer noopener\">Wikipedia \u2013 Budva<\/a><\/li>\n\n\n\n<li><a class=\"\" href=\"https:\/\/mia.gov.me\/\" target=\"_blank\" rel=\"noreferrer noopener\">Karada\u011f'a Yat\u0131r\u0131m Yap\u0131n \u2013 Devlet Portal\u0131<\/a><\/li>\n<\/ul>\n\n\n\n<hr class=\"wp-block-separator has-alpha-channel-opacity\"\/>\n\n\n\n<h2 class=\"wp-block-heading\">\u0130leti\u015fim ve G\u00f6r\u00fcnt\u00fcleme<\/h2>\n\n\n\n<p>Daha fazla bilgi almak veya g\u00f6r\u00fcnt\u00fcleme randevusu olu\u015fturmak i\u00e7in bizimle ileti\u015fime ge\u00e7ebilirsiniz:<\/p>\n\n\n\n<p>\ud83d\udcde <strong>Telefon:<\/strong> +382 68 431 853<br>\ud83d\udce7 <strong>E-posta:<\/strong> <a href=\"https:\/\/montenegro-real-estate.com\/tr\/iletisim\/\">sales@montenegro-real-estate.com<\/a><br>\ud83c\udf10 <strong>dikkatinizi hak etmektedir.<\/strong> <a class=\"\" href=\"https:\/\/montenegro-real-estate.com\/tr\/\">www.montenegro-real-estate.com<\/a><\/p>\n\n\n\n<hr class=\"wp-block-separator has-alpha-channel-opacity\"\/>\n\n\n\n<p><strong><em>Yat\u0131r\u0131m &amp; Ya\u015fam Avantajlar\u0131<\/em><\/strong> \u2013 <strong>Bu f\u0131rsat\u0131 ka\u00e7\u0131rmay\u0131n<\/strong> Budva'n\u0131n en sakin lokasyonlar\u0131ndan birinde, sessiz ve muhte\u015fem deniz manzaral\u0131 bir daire sahibi olma \u015fans\u0131n\u0131 yakalay\u0131n. Harekete ge\u00e7in \u2013 bu tarz ilanlar piyasada uzun s\u00fcre kalmaz!<\/p>\n\n\n\n<p><\/p>","protected":false},"excerpt":{"rendered":"<p>2-bedroom apartment for sale in Pr\u017eno-Prime Real Estate in Budva\u2019s Tranquil Suburb Looking for real estate in Budva with sea views and investment potential? This spacious 2-bedroom apartment in Pr\u017eno could be the perfect choice. Set in one of Montenegro\u2019s most charming coastal villages, this property offers a rare blend of comfort, peace, and proximity [&hellip;]<\/p>\n","protected":false},"author":1,"featured_media":47116,"parent":0,"menu_order":0,"template":"","property_type":[132],"property_status":[170],"property_feature":[202,406,191,194,283,145],"property_label":[],"property_country":[305],"property_state":[317],"property_city":[225],"class_list":["post-47115","property","type-property","status-houzez_sold","has-post-thumbnail","hentry","property_type-apartments","property_status-sold","property_feature-air-conditioners","property_feature-elevator","property_feature-furniture","property_feature-mountain-view","property_feature-sea-view","property_feature-terrace","property_country-montenegro","property_state-budva-region","property_city-przno"],"property_meta":{"_edit_lock":["1775646055:1"],"rank_math_internal_links_processed":["1"],"rank_math_primary_property_city":["225"],"rank_math_seo_score":["76"],"rank_math_contentai_score":["a:5:{s:8:\"keywords\";s:5:\"74.51\";s:9:\"wordCount\";s:1:\"0\";s:9:\"linkCount\";s:1:\"0\";s:12:\"headingCount\";s:1:\"0\";s:10:\"mediaCount\";s:1:\"0\";}"],"rank_math_focus_keyword":["2-Bedroom Apartment for Sale in Pr\u017eno,apartment for sale in montenegro"],"rank_math_title":["2-Bedroom Apartment for Sale in Pr\u017eno \u2013 Amazing Sea View"],"rank_math_description":["Spacious 2-bedroom apartment for sale in Pr\u017eno, Budva with sea view. Great investment potential. Quiet area, high ceilings, 400m to the beach."],"_thumbnail_id":["47116"],"_edit_last":["1"],"fave_property_price":["180000"],"fave_show_price_placeholder":["0"],"fave_property_size":["60"],"fave_property_size_prefix":["m2"],"fave_property_bedrooms":["2"],"fave_property_bathrooms":["1"],"fave_property_id":["NB90"],"fave_distance-to-the-sea":["400m"],"fave_property_map":["1"],"fave_property_map_address":["Pr\u017eno, Op\u0161tina Budva, Crna Gora \/ \u0426\u0440\u043d\u0430 \u0413\u043e\u0440\u0430"],"fave_property_location":["42.268107,18.8938065,15"],"houzez_geolocation_lat":["42.268107"],"houzez_geolocation_long":["18.8938065"],"fave_property_map_street_view":["hide"],"fave_featured":["0"],"houzez_featured_listing_date":[""],"fave_loggedintoview":["0"],"fave_agent_display_option":["author_info"],"fave_prop_homeslider":["no"],"fave_single_top_area":["global"],"fave_single_content_area":["global"],"houzez_manual_expire":["0"],"_houzez_expiration_date_status":["saved"],"houzez_total_property_views":["930"],"houzez_views_by_date":["a:61:{s:10:\"02-26-2026\";i:3;s:10:\"02-27-2026\";i:6;s:10:\"02-28-2026\";i:12;s:10:\"03-01-2026\";i:10;s:10:\"03-02-2026\";i:5;s:10:\"03-03-2026\";i:9;s:10:\"03-04-2026\";i:6;s:10:\"03-05-2026\";i:5;s:10:\"03-06-2026\";i:12;s:10:\"03-07-2026\";i:2;s:10:\"03-08-2026\";i:4;s:10:\"03-09-2026\";i:6;s:10:\"03-10-2026\";i:3;s:10:\"03-11-2026\";i:3;s:10:\"03-12-2026\";i:6;s:10:\"03-13-2026\";i:5;s:10:\"03-14-2026\";i:12;s:10:\"03-15-2026\";i:1;s:10:\"03-16-2026\";i:5;s:10:\"03-17-2026\";i:3;s:10:\"03-18-2026\";i:4;s:10:\"03-19-2026\";i:1;s:10:\"03-20-2026\";i:3;s:10:\"03-21-2026\";i:1;s:10:\"03-22-2026\";i:3;s:10:\"03-23-2026\";i:3;s:10:\"03-24-2026\";i:6;s:10:\"03-25-2026\";i:6;s:10:\"03-26-2026\";i:7;s:10:\"03-27-2026\";i:1;s:10:\"03-28-2026\";i:5;s:10:\"03-29-2026\";i:9;s:10:\"03-30-2026\";i:24;s:10:\"03-31-2026\";i:6;s:10:\"04-01-2026\";i:4;s:10:\"04-02-2026\";i:4;s:10:\"04-03-2026\";i:1;s:10:\"04-04-2026\";i:2;s:10:\"04-05-2026\";i:3;s:10:\"04-06-2026\";i:1;s:10:\"04-07-2026\";i:4;s:10:\"04-08-2026\";i:11;s:10:\"04-09-2026\";i:1;s:10:\"04-10-2026\";i:2;s:10:\"04-11-2026\";i:4;s:10:\"04-13-2026\";i:2;s:10:\"04-14-2026\";i:4;s:10:\"04-15-2026\";i:4;s:10:\"04-16-2026\";i:5;s:10:\"04-17-2026\";i:7;s:10:\"04-18-2026\";i:9;s:10:\"04-19-2026\";i:6;s:10:\"04-20-2026\";i:9;s:10:\"04-21-2026\";i:3;s:10:\"04-22-2026\";i:4;s:10:\"04-23-2026\";i:4;s:10:\"04-24-2026\";i:2;s:10:\"04-25-2026\";i:5;s:10:\"04-26-2026\";i:4;s:10:\"04-27-2026\";i:7;s:10:\"04-28-2026\";i:5;}"],"houzez_recently_viewed":["2026-04-29 00:54:09"],"_wptg_p2tg_sent2tg":["2025-06-03 20:57:15"],"_cmplz_scanned_post":["1"],"fave_property_images":["47116","47117","47118","47119","47120","47121","47122","47123","47124","47125","47126","47127","47128","47129","47130"],"_elementor_page_assets":["a:0:{}"]},"_links":{"self":[{"href":"https:\/\/montenegro-real-estate.com\/tr\/wp-json\/wp\/v2\/properties\/47115","targetHints":{"allow":["GET"]}}],"collection":[{"href":"https:\/\/montenegro-real-estate.com\/tr\/wp-json\/wp\/v2\/properties"}],"about":[{"href":"https:\/\/montenegro-real-estate.com\/tr\/wp-json\/wp\/v2\/types\/property"}],"author":[{"embeddable":true,"href":"https:\/\/montenegro-real-estate.com\/tr\/wp-json\/wp\/v2\/users\/1"}],"version-history":[{"count":1,"href":"https:\/\/montenegro-real-estate.com\/tr\/wp-json\/wp\/v2\/properties\/47115\/revisions"}],"predecessor-version":[{"id":52884,"href":"https:\/\/montenegro-real-estate.com\/tr\/wp-json\/wp\/v2\/properties\/47115\/revisions\/52884"}],"wp:featuredmedia":[{"embeddable":true,"href":"https:\/\/montenegro-real-estate.com\/tr\/wp-json\/wp\/v2\/media\/47116"}],"wp:attachment":[{"href":"https:\/\/montenegro-real-estate.com\/tr\/wp-json\/wp\/v2\/media?parent=47115"}],"wp:term":[{"taxonomy":"property_type","embeddable":true,"href":"https:\/\/montenegro-real-estate.com\/tr\/wp-json\/wp\/v2\/property_type?post=47115"},{"taxonomy":"property_status","embeddable":true,"href":"https:\/\/montenegro-real-estate.com\/tr\/wp-json\/wp\/v2\/property_status?post=47115"},{"taxonomy":"property_feature","embeddable":true,"href":"https:\/\/montenegro-real-estate.com\/tr\/wp-json\/wp\/v2\/property_feature?post=47115"},{"taxonomy":"property_label","embeddable":true,"href":"https:\/\/montenegro-real-estate.com\/tr\/wp-json\/wp\/v2\/property_label?post=47115"},{"taxonomy":"property_country","embeddable":true,"href":"https:\/\/montenegro-real-estate.com\/tr\/wp-json\/wp\/v2\/property_country?post=47115"},{"taxonomy":"property_state","embeddable":true,"href":"https:\/\/montenegro-real-estate.com\/tr\/wp-json\/wp\/v2\/property_state?post=47115"},{"taxonomy":"property_city","embeddable":true,"href":"https:\/\/montenegro-real-estate.com\/tr\/wp-json\/wp\/v2\/property_city?post=47115"}],"curies":[{"name":"wp","href":"https:\/\/api.w.org\/{rel}","templated":true}]}}