{"id":44469,"date":"2024-11-11T13:25:06","date_gmt":"2024-11-11T10:25:06","guid":{"rendered":"https:\/\/montenegro-real-estate.com\/?post_type=property&#038;p=44469"},"modified":"2025-04-16T20:14:14","modified_gmt":"2025-04-16T17:14:14","slug":"budvanin-kalbinde-modern-daire","status":"publish","type":"property","link":"https:\/\/montenegro-real-estate.com\/tr\/property\/modern-apartment-in-the-heart-of-budva\/","title":{"rendered":"Budva'n\u0131n Kalbinde Modern Daire"},"content":{"rendered":"<p><strong><em>Budva'n\u0131n Kalbinde Modern Daire, Merkezi Budva'da Geni\u015f 1+1 Daire Sat\u0131l\u0131k | Karada\u011f Emlak<\/em><\/strong><\/p>\n\n\n\n<h3 class=\"wp-block-heading\">Budva'n\u0131n Kalbinde Modern Daire<\/h3>\n\n\n\n<p>G\u00f6z al\u0131c\u0131 tasar\u0131ma sahip <strong>77 m\u00b2 daireye<\/strong> Karada\u011f'\u0131n canl\u0131 \u015fehri Budva'n\u0131n merkezinde yer alan bu konut, hem konfor hem de kolayl\u0131k sunarak plaja ve Budva'n\u0131n en iyi cazibe merkezlerine yak\u0131nl\u0131\u011f\u0131 takdir edenler i\u00e7in ideal bir se\u00e7enektir. \u0130ster huzurlu bir ev ister ak\u0131ll\u0131 bir yat\u0131r\u0131m ar\u0131yor olun, bu daire l\u00fcks ve konumun m\u00fckemmel bir kar\u0131\u015f\u0131m\u0131n\u0131 sunar.<\/p>\n\n\n\n<hr class=\"wp-block-separator has-alpha-channel-opacity\"\/>\n\n\n\n<h3 class=\"wp-block-heading\">Dairenin Temel \u00d6zellikleri<\/h3>\n\n\n\n<ul class=\"wp-block-list\">\n<li><strong>Alan<\/strong>: 77 m\u00b2<\/li>\n\n\n\n<li><strong>Kat<\/strong>: 3. kat<\/li>\n\n\n\n<li><strong>Oda Say\u0131s\u0131<\/strong>: Geni\u015f oturma odas\u0131, yatak odas\u0131, iki banyo, hol, koridor ve \u00f6zel giyinme odas\u0131<\/li>\n\n\n\n<li><strong>Teras<\/strong>: K\u0131smi deniz manzaral\u0131 b\u00fcy\u00fck teras<\/li>\n\n\n\n<li><strong>Pencereler<\/strong>: Dayan\u0131kl\u0131l\u0131k i\u00e7in y\u00fcksek kaliteli al\u00fcminyum do\u011framalar<\/li>\n\n\n\n<li><strong>Zemin Kaplamas\u0131<\/strong>: Her yerde birinci s\u0131n\u0131f sert ah\u015fap zemin<\/li>\n\n\n\n<li><strong>G\u00fcvenlik \u00d6zellikleri<\/strong>:\n<ul class=\"wp-block-list\">\n<li>G\u00fcvenli, g\u00fc\u00e7lendirilmi\u015f kap\u0131lar<\/li>\n\n\n\n<li>Bina g\u00fcvenli\u011fi ve giri\u015f kontrol\u00fc (dahili telefon sistemi ile)<\/li>\n<\/ul>\n<\/li>\n\n\n\n<li><strong>Konfor Olanaklar\u0131<\/strong>: Ekstra konfor i\u00e7in banyolarda yerden \u0131s\u0131tma<\/li>\n<\/ul>\n\n\n\n<hr class=\"wp-block-separator has-alpha-channel-opacity\"\/>\n\n\n\n<h3 class=\"wp-block-heading\">Budva Merkezdeki Se\u00e7kin Konum<\/h3>\n\n\n\n<p>Bu dairenin merkezi konumu ger\u00e7ekten istisnaidir. Budva'n\u0131n resim gibi sahil \u015feridine sadece birka\u00e7 ad\u0131m mesafede yer alan daireden, <strong>yemye\u015fil bir parktan ge\u00e7en k\u0131sa, 3 dakikal\u0131k bir y\u00fcr\u00fcy\u00fc\u015fle<\/strong> plaja ula\u015fabilirsiniz. Canl\u0131 \u00e7evre, y\u00fcr\u00fcme mesafesinde al\u0131\u015fveri\u015f ve yeme-i\u00e7meden spor salonlar\u0131 ve k\u00fclt\u00fcrel mekanlara kadar her \u015feyi sunar. Burada ya\u015farken sahip olacaklar\u0131n\u0131z:<\/p>\n\n\n\n<ul class=\"wp-block-list\">\n<li><strong>Plaja Do\u011frudan Eri\u015fim<\/strong>: Bak\u0131ml\u0131 bir parktan ge\u00e7en k\u0131sa bir y\u00fcr\u00fcy\u00fc\u015f sizi Adriyatik k\u0131y\u0131s\u0131na g\u00f6t\u00fcr\u00fcr.<\/li>\n\n\n\n<li><strong>Tam Donan\u0131ml\u0131 Altyap\u0131<\/strong>: Temel ihtiya\u00e7lar, restoranlar, ma\u011fazalar ve e\u011flence mekanlar\u0131n\u0131n hemen yan\u0131 ba\u015f\u0131nda oldu\u011fu geli\u015fmi\u015f bir b\u00f6lgede konumlanm\u0131\u015ft\u0131r.<\/li>\n<\/ul>\n\n\n\n<hr class=\"wp-block-separator has-alpha-channel-opacity\"\/>\n\n\n\n<h3 class=\"wp-block-heading\">Zarif \u0130\u00e7 Mekan ve Modern Tasar\u0131m<\/h3>\n\n\n\n<p>Daire, y\u00fcksek kaliteli kaplamalar ve i\u015flevsel tasar\u0131m \u00f6zellikleriyle donat\u0131lm\u0131\u015ft\u0131r:<\/p>\n\n\n\n<ul class=\"wp-block-list\">\n<li><strong>A\u00e7\u0131k Plan Ya\u015fam Alan\u0131<\/strong>: Geni\u015f oturma odas\u0131, \u00e7e\u015fitli yerle\u015fim d\u00fczenleri i\u00e7in esneklik sunar ve terasa a\u00e7\u0131l\u0131r.<\/li>\n\n\n\n<li><strong>\u00d6zel Yatak Odas\u0131 ve Giyinme Odas\u0131<\/strong>: Ferah yatak odas\u0131 ve ayr\u0131 bir giyinme odas\u0131 bol miktarda depolama alan\u0131 ve konfor sa\u011flar.<\/li>\n\n\n\n<li><strong>Y\u00fcksek Kaliteli Kaplamalar<\/strong>: \u015e\u0131k al\u00fcminyum pencerelerden birinci s\u0131n\u0131f sert ah\u015fap zemine kadar, her detay stil ve dayan\u0131kl\u0131l\u0131k i\u00e7in \u00f6zenle se\u00e7ilmi\u015ftir.<\/li>\n\n\n\n<li><strong>Yerden Is\u0131tmal\u0131 Banyolar<\/strong>: Banyolar, serin aylar i\u00e7in ekstra bir l\u00fcks dokunu\u015f katan yerden \u0131s\u0131tma sistemiyle donat\u0131lm\u0131\u015ft\u0131r.<\/li>\n\n\n\n<li><strong>G\u00fcvenli ve Emin<\/strong>: Bu konut, g\u00fcvenli kap\u0131lar, bina dahili telefon sistemi ve 24 saat g\u00fcvenlik hizmeti ile g\u00fcvenli\u011fi \u00f6nceliklendirir.<\/li>\n<\/ul>\n\n\n\n<hr class=\"wp-block-separator has-alpha-channel-opacity\"\/>\n\n\n\n<h3 class=\"wp-block-heading\">Adriyatik'e Ad\u0131mlar Mesafede Modern Ya\u015fam\u0131n Keyfini \u00c7\u0131kar\u0131n<\/h3>\n\n\n\n<p>Bu daire, Budva'n\u0131n canl\u0131 atmosferine eri\u015firken ayn\u0131 zamanda <strong>k\u0131smi deniz manzaras\u0131 ve park eri\u015fimi ile do\u011faya yak\u0131n olman\u0131n<\/strong>. en iyisini ya\u015famak i\u00e7in idealdir. Konumu, modern olanaklar\u0131 ve kaliteli kaplamalar\u0131 ile ayn\u0131 zamanda yat\u0131r\u0131m i\u00e7in olduk\u00e7a cazip bir m\u00fclkt\u00fcr. Budva'daki emlak piyasas\u0131, \u00f6zellikle premium \u00f6zelliklere ve g\u00fcvenli\u011fe sahip sahil yak\u0131n\u0131ndaki m\u00fclkler i\u00e7in istikrarl\u0131 bir b\u00fcy\u00fcme g\u00f6stermi\u015ftir; bu daireyi, <strong>uzun vadeli de\u011fer art\u0131\u015f\u0131 ve kiralama potansiyeli ile ilgilenenler i\u00e7in de\u011ferli bir varl\u0131k haline getirir.<\/strong>.<\/p>\n\n\n\n<hr class=\"wp-block-separator has-alpha-channel-opacity\"\/>\n\n\n\n<h3 class=\"wp-block-heading\">Karada\u011f'\u0131n En Heyecan Verici Sahil \u015eehrinde Hayalinizdeki Evi Kurun<\/h3>\n\n\n\n<p>Budva'n\u0131n kalbinde modern bir daire sahibi olma \u015fans\u0131n\u0131 ka\u00e7\u0131rmay\u0131n. Daha fazla detay i\u00e7in, ziyaret planlamak veya benzer m\u00fclkleri ke\u015ffetmek i\u00e7in bizimle <strong><a href=\"https:\/\/t.me\/Montenegrorealty\">Telegram kanal\u0131m\u0131za<\/a><\/strong> ileti\u015fime ge\u00e7in veya <strong><a href=\"https:\/\/montenegro-real-estate.com\/tr\/\">Karada\u011f Gayrimenkul<\/a><\/strong>. \u00fczerinden ek ilanlar\u0131 inceleyin. Bug\u00fcn Budva'ya ta\u015f\u0131n\u0131n ve Karada\u011f'\u0131n g\u00fczel Adriyatik k\u0131y\u0131s\u0131nda ya\u015fam\u0131n tad\u0131n\u0131 \u00e7\u0131kar\u0131n!<\/p>\n\n\n\n<p><strong><em>Budva'da sat\u0131l\u0131k daha fazla daireyi <a href=\"https:\/\/montenegro-real-estate.com\/tr\/budvada-satilik-daireler\/\">burada<\/a>.<\/em><\/strong><\/p>","protected":false},"excerpt":{"rendered":"<p>Modern Apartment in the Heart of Budva, Spacious 1-Bedroom Apartment for Sale in Central Budva | Montenegro Real Estate Modern Apartment in the Heart of Budva Welcome to a beautifully designed 77 m\u00b2 apartment located in the vibrant center of Budva, Montenegro. This residence offers both comfort and convenience, making it ideal for those who [&hellip;]<\/p>\n","protected":false},"author":1,"featured_media":44470,"parent":0,"menu_order":0,"template":"","property_type":[132],"property_status":[148],"property_feature":[191,202,406,281,194,283,145,208],"property_label":[],"property_country":[305],"property_state":[317],"property_city":[226],"class_list":["post-44469","property","type-property","status-publish","has-post-thumbnail","hentry","property_type-apartments","property_status-resale","property_feature-furniture","property_feature-air-conditioners","property_feature-elevator","property_feature-internet","property_feature-mountain-view","property_feature-sea-view","property_feature-terrace","property_feature-underfloor-heating","property_country-montenegro","property_state-budva-region","property_city-budva"],"property_meta":{"_edit_lock":["1744823655:1"],"_thumbnail_id":["44470"],"_edit_last":["1"],"fave_property_price":["330000"],"fave_show_price_placeholder":["0"],"fave_property_size":["77"],"fave_property_size_prefix":["m2"],"fave_property_bedrooms":["1"],"fave_property_bathrooms":["2"],"fave_property_id":["NB74"],"fave_property_map":["1"],"fave_property_map_address":["Budva, Op\u0161tina Budva, Crna Gora \/ \u0426\u0440\u043d\u0430 \u0413\u043e\u0440\u0430"],"fave_property_location":["42.288392632281,18.848319815751,15"],"houzez_geolocation_lat":["42.288392632281"],"houzez_geolocation_long":["18.848319815751"],"fave_property_map_street_view":["hide"],"fave_featured":["0"],"houzez_featured_listing_date":[""],"fave_loggedintoview":["0"],"fave_agent_display_option":["author_info"],"fave_prop_homeslider":["no"],"fave_single_top_area":["global"],"fave_single_content_area":["global"],"houzez_manual_expire":["0"],"_houzez_expiration_date_status":["saved"],"_yoast_wpseo_primary_property_type":["132"],"_yoast_wpseo_primary_property_status":["148"],"_yoast_wpseo_primary_property_feature":["191"],"_yoast_wpseo_primary_property_label":[""],"_yoast_wpseo_primary_property_country":["305"],"_yoast_wpseo_primary_property_state":["317"],"_yoast_wpseo_primary_property_city":["226"],"_yoast_wpseo_linkdex":["78"],"_yoast_wpseo_content_score":["90"],"_yoast_wpseo_inclusive_language_score":["90"],"_yoast_wpseo_estimated-reading-time-minutes":["3"],"houzez_total_property_views":["1238"],"houzez_views_by_date":["a:61:{s:10:\"02-21-2026\";i:23;s:10:\"02-22-2026\";i:34;s:10:\"02-23-2026\";i:16;s:10:\"02-24-2026\";i:8;s:10:\"02-25-2026\";i:12;s:10:\"02-26-2026\";i:2;s:10:\"02-27-2026\";i:5;s:10:\"02-28-2026\";i:7;s:10:\"03-01-2026\";i:9;s:10:\"03-02-2026\";i:1;s:10:\"03-03-2026\";i:9;s:10:\"03-04-2026\";i:5;s:10:\"03-06-2026\";i:8;s:10:\"03-07-2026\";i:6;s:10:\"03-08-2026\";i:6;s:10:\"03-09-2026\";i:3;s:10:\"03-10-2026\";i:4;s:10:\"03-11-2026\";i:8;s:10:\"03-12-2026\";i:4;s:10:\"03-13-2026\";i:5;s:10:\"03-14-2026\";i:16;s:10:\"03-15-2026\";i:5;s:10:\"03-16-2026\";i:6;s:10:\"03-17-2026\";i:1;s:10:\"03-18-2026\";i:3;s:10:\"03-19-2026\";i:1;s:10:\"03-20-2026\";i:2;s:10:\"03-21-2026\";i:3;s:10:\"03-22-2026\";i:2;s:10:\"03-23-2026\";i:1;s:10:\"03-24-2026\";i:7;s:10:\"03-25-2026\";i:8;s:10:\"03-26-2026\";i:3;s:10:\"03-27-2026\";i:4;s:10:\"03-28-2026\";i:18;s:10:\"03-29-2026\";i:7;s:10:\"03-30-2026\";i:3;s:10:\"03-31-2026\";i:4;s:10:\"04-02-2026\";i:3;s:10:\"04-03-2026\";i:2;s:10:\"04-04-2026\";i:1;s:10:\"04-05-2026\";i:2;s:10:\"04-06-2026\";i:1;s:10:\"04-08-2026\";i:3;s:10:\"04-09-2026\";i:2;s:10:\"04-11-2026\";i:1;s:10:\"04-12-2026\";i:2;s:10:\"04-13-2026\";i:6;s:10:\"04-14-2026\";i:3;s:10:\"04-15-2026\";i:5;s:10:\"04-16-2026\";i:7;s:10:\"04-17-2026\";i:5;s:10:\"04-18-2026\";i:4;s:10:\"04-19-2026\";i:7;s:10:\"04-20-2026\";i:8;s:10:\"04-21-2026\";i:3;s:10:\"04-22-2026\";i:5;s:10:\"04-23-2026\";i:4;s:10:\"04-24-2026\";i:5;s:10:\"04-25-2026\";i:4;s:10:\"04-26-2026\";i:3;}"],"houzez_recently_viewed":["2026-04-26 20:50:38"],"_wptg_p2tg_sent2tg":["2024-11-11 13:26:34"],"rank_math_primary_property_type":["132"],"rank_math_primary_property_status":["148"],"rank_math_primary_property_feature":["191"],"rank_math_primary_property_label":[""],"rank_math_primary_property_country":["305"],"rank_math_primary_property_state":["317"],"rank_math_primary_property_city":["226"],"rank_math_title":["%title% %sep% %sitename% %sep% Real Estate Budva"],"rank_math_description":["%title% %sep% Discover a luxurious 77 m\u00b2 apartment in the heart of Budva, with top-quality finishes."],"rank_math_focus_keyword":["Modern Apartment in the Heart of Budva"],"rank_math_news_sitemap_robots":["index"],"rank_math_robots":["a:1:{i:0;s:5:\"index\";}"],"rank_math_seo_score":["74"],"rank_math_internal_links_processed":["1"],"fave_property_images":["44470","44484","44489","44485","44472","44473","44487","44474","44478","44475","44480","44482","44476","44477","44479","44481","44483","44486","44488","44490","44491","44493","44494","44495","44496","44471","44492"],"_cmplz_scanned_post":["1"]},"_links":{"self":[{"href":"https:\/\/montenegro-real-estate.com\/tr\/wp-json\/wp\/v2\/properties\/44469","targetHints":{"allow":["GET"]}}],"collection":[{"href":"https:\/\/montenegro-real-estate.com\/tr\/wp-json\/wp\/v2\/properties"}],"about":[{"href":"https:\/\/montenegro-real-estate.com\/tr\/wp-json\/wp\/v2\/types\/property"}],"author":[{"embeddable":true,"href":"https:\/\/montenegro-real-estate.com\/tr\/wp-json\/wp\/v2\/users\/1"}],"version-history":[{"count":0,"href":"https:\/\/montenegro-real-estate.com\/tr\/wp-json\/wp\/v2\/properties\/44469\/revisions"}],"wp:featuredmedia":[{"embeddable":true,"href":"https:\/\/montenegro-real-estate.com\/tr\/wp-json\/wp\/v2\/media\/44470"}],"wp:attachment":[{"href":"https:\/\/montenegro-real-estate.com\/tr\/wp-json\/wp\/v2\/media?parent=44469"}],"wp:term":[{"taxonomy":"property_type","embeddable":true,"href":"https:\/\/montenegro-real-estate.com\/tr\/wp-json\/wp\/v2\/property_type?post=44469"},{"taxonomy":"property_status","embeddable":true,"href":"https:\/\/montenegro-real-estate.com\/tr\/wp-json\/wp\/v2\/property_status?post=44469"},{"taxonomy":"property_feature","embeddable":true,"href":"https:\/\/montenegro-real-estate.com\/tr\/wp-json\/wp\/v2\/property_feature?post=44469"},{"taxonomy":"property_label","embeddable":true,"href":"https:\/\/montenegro-real-estate.com\/tr\/wp-json\/wp\/v2\/property_label?post=44469"},{"taxonomy":"property_country","embeddable":true,"href":"https:\/\/montenegro-real-estate.com\/tr\/wp-json\/wp\/v2\/property_country?post=44469"},{"taxonomy":"property_state","embeddable":true,"href":"https:\/\/montenegro-real-estate.com\/tr\/wp-json\/wp\/v2\/property_state?post=44469"},{"taxonomy":"property_city","embeddable":true,"href":"https:\/\/montenegro-real-estate.com\/tr\/wp-json\/wp\/v2\/property_city?post=44469"}],"curies":[{"name":"wp","href":"https:\/\/api.w.org\/{rel}","templated":true}]}}