{"id":47115,"date":"2025-06-03T20:55:25","date_gmt":"2025-06-03T17:55:25","guid":{"rendered":"https:\/\/montenegro-real-estate.com\/?post_type=property&#038;p=47115"},"modified":"2026-04-22T19:43:31","modified_gmt":"2026-04-22T16:43:31","slug":"2-pokojowe-mieszkanie-na-sprzedaz-w-prznie","status":"houzez_sold","type":"property","link":"https:\/\/montenegro-real-estate.com\/pl\/property\/2-bedroom-apartment-for-sale-in-przno\/","title":{"rendered":"2-Pokojowe Mieszkanie na Sprzeda\u017c w Pr\u017enie \u2013 Okazja z Widokiem na Morze 2025"},"content":{"rendered":"<h2 class=\"wp-block-heading\">Mieszkanie 2-pokojowe na sprzeda\u017c w Pr\u017eno \u2013 Pierwszorz\u0119dna Nieruchomo\u015b\u0107 w Spokojnej Dzielnicy Budvy<\/h2>\n\n\n\n<p>Szukasz nieruchomo\u015bci w Budvie z widokiem na morze i potencja\u0142em inwestycyjnym? To przestronne 2-pokojowe mieszkanie w Pr\u017eno mo\u017ce by\u0107 idealnym wyborem. Po\u0142o\u017cone w jednej z najurokliwszych nadmorskich wiosek Czarnog\u00f3ry, oferuje rzadkie po\u0142\u0105czenie komfortu, spokoju i blisko\u015bci morza.<\/p>\n\n\n\n<p>Znajduje si\u0119 zaledwie <strong>400 metr\u00f3w od wybrze\u017ca Adriatyku<\/strong> i kr\u00f3tkim, 7-minutowym spacerem od s\u0142ynnego <strong>Parku Milocer<\/strong>, mieszkanie usytuowane jest w nowoczesnym, niskim budynku mieszkalnym wyposa\u017conym w wind\u0119. Dzi\u0119ki <strong>wysokim sufitom<\/strong> oraz cichej, zielonej okolicy, jest to jedna z najbardziej atrakcyjnych ofert w kategorii <strong>mieszkania na sprzeda\u017c w Budvie<\/strong> .<\/p>\n\n\n\n<hr class=\"wp-block-separator has-alpha-channel-opacity\"\/>\n\n\n\n<h2 class=\"wp-block-heading\">Szczeg\u00f3\u0142y mieszkania 2-pokojowego na sprzeda\u017c w Pr\u017eno<\/h2>\n\n\n\n<ul class=\"wp-block-list\">\n<li><strong>Lokalizacja:<\/strong> Pr\u017eno, Budva<\/li>\n\n\n\n<li><strong>Powierzchnia ca\u0142kowita:<\/strong> 60 m\u00b2<\/li>\n\n\n\n<li><strong>Sypialnie:<\/strong> 2<\/li>\n\n\n\n<li><strong>\u0141azienki:<\/strong> 1 pe\u0142na \u0142azienka + 1 oddzielna toaleta<\/li>\n\n\n\n<li><strong>Tarasy:<\/strong> 2 (jeden prywatny, jeden po\u0142\u0105czony z salonem)<\/li>\n\n\n\n<li><strong>Wysoko\u015b\u0107 sufitu:<\/strong> Bardzo wysoka (mo\u017cliwo\u015b\u0107 konstrukcji antresoli)<\/li>\n\n\n\n<li><strong>Pi\u0119tro:<\/strong> 2. pi\u0119tro<\/li>\n\n\n\n<li><strong>Odleg\u0142o\u015b\u0107 od morza:<\/strong> 400 metr\u00f3w<\/li>\n\n\n\n<li><strong>Parking:<\/strong> Darmowy prywatny parking przed budynkiem<\/li>\n\n\n\n<li><strong>Cechy budynku:<\/strong> Winda, nowoczesna konstrukcja<\/li>\n<\/ul>\n\n\n\n<hr class=\"wp-block-separator has-alpha-channel-opacity\"\/>\n\n\n\n<h2 class=\"wp-block-heading\">Przegl\u0105d uk\u0142adu wn\u0119trza<\/h2>\n\n\n\n<h3 class=\"wp-block-heading\">\ud83c\udfe0 Przemy\u015blany Projekt dla Komfortu<\/h3>\n\n\n\n<ul class=\"wp-block-list\">\n<li><strong>Hol wej\u015bciowy:<\/strong> Wita przestronn\u0105, dobrze do\u015bwietlon\u0105 przestrzeni\u0105<\/li>\n\n\n\n<li><strong>Salon z aneksem kuchennym:<\/strong> Obszerna, po\u0142\u0105czona strefa z du\u017cymi oknami i dost\u0119pem do g\u0142\u00f3wnego tarasu z <strong>widokiem na morze i las<\/strong><\/li>\n\n\n\n<li><strong>Sypialnia g\u0142\u00f3wna:<\/strong> Z dost\u0119pem do mniejszego, prywatnego tarasu z widokiem na ziele\u0144<\/li>\n\n\n\n<li><strong>Druga sypialnia:<\/strong> Idealna dla go\u015bci, dzieci lub jako gabinet<\/li>\n\n\n\n<li><strong>G\u0142\u00f3wna \u0142azienka:<\/strong> Wyposa\u017cona w nowoczesn\u0105 armatur\u0119<\/li>\n\n\n\n<li><strong>Toaleta dla go\u015bci:<\/strong> Zapewnia wygod\u0119 podczas wizyt<\/li>\n<\/ul>\n\n\n\n<hr class=\"wp-block-separator has-alpha-channel-opacity\"\/>\n\n\n\n<h2 class=\"wp-block-heading\">Korzy\u015bci Inwestycyjne i Mieszkalne<\/h2>\n\n\n\n<p><strong>Mieszkanie 2-pokojowe na sprzeda\u017c w Pr\u017eno<\/strong> to <strong>doskona\u0142y wyb\u00f3r na ca\u0142oroczne zamieszkanie, wynajem sezonowy lub dom wakacyjny<\/strong>. Dzi\u0119ki wysokim sufitom istnieje mo\u017cliwo\u015b\u0107 zbudowania <strong>poziomu antresoli<\/strong>, co zwi\u0119ksza powierzchni\u0119 u\u017cytkow\u0105 nawet o <strong>20%<\/strong>, co jest rzadk\u0105 okazj\u0105 w nowo budowanych apartamentach.<\/p>\n\n\n\n<p>Po\u0142o\u017cone w jednej z <strong>najbardziej po\u017c\u0105danych dzielnic Budvy<\/strong>, Pr\u017eno s\u0142ynie z bezpiecze\u0144stwa, spokoju i malowniczego otoczenia. W pobli\u017cu znajduj\u0105 si\u0119:<\/p>\n\n\n\n<ul class=\"wp-block-list\">\n<li>Ca\u0142oroczny sklep spo\u017cywczy<\/li>\n\n\n\n<li>Lokalna szko\u0142a i przedszkole<\/li>\n\n\n\n<li>Dziewicze pla\u017ce i zatoczki<\/li>\n\n\n\n<li>Kultowy Park Milocer<\/li>\n\n\n\n<li>Ekskluzywne restauracje i kluby pla\u017cowe<\/li>\n<\/ul>\n\n\n\n<p>Wszystkie te elementy zwi\u0119kszaj\u0105 jego atrakcyjno\u015b\u0107 dla os\u00f3b przegl\u0105daj\u0105cych oferty <strong>nieruchomo\u015bci na sprzeda\u017c w Czarnog\u00f3rze<\/strong> z potencja\u0142em wynajmu i d\u0142ugoterminowym wzrostem warto\u015bci.<\/p>\n\n\n\n<hr class=\"wp-block-separator has-alpha-channel-opacity\"\/>\n\n\n\n<h3 class=\"wp-block-heading\">Mieszkanie 2-pokojowe na sprzeda\u017c w Pr\u017eno \u2013 Ostrze\u017cenie o Obni\u017cce Ceny \ud83d\udcb6<\/h3>\n\n\n\n<ul class=\"wp-block-list\">\n<li><strong>Stara cena:<\/strong> \u20ac208,000<\/li>\n\n\n\n<li><strong>Nowa cena:<\/strong> \u20ac190,000<\/li>\n<\/ul>\n\n\n\n<p>Obecnie oferowane za <strong>Wyj\u0105tkowo konkurencyjna cena<\/strong>, to Twoja szansa na posiadanie <strong>krajobrazie nieruchomo\u015bci w Czarnog\u00f3rze<\/strong> apartamentu z widokiem na morze w wyj\u0105tkowej cenie.<\/p>\n\n\n\n<hr class=\"wp-block-separator has-alpha-channel-opacity\"\/>\n\n\n\n<h2 class=\"wp-block-heading\">Dlaczego warto inwestowa\u0107 w nieruchomo\u015bci w Budvie?<\/h2>\n\n\n\n<p>Budva to jedno z najcz\u0119\u015bciej odwiedzanych i najbardziej pr\u0119\u017cnych gospodarczo miast na Adriatyku. Niezale\u017cnie od tego, czy szukasz drugiego domu, czy chcesz poszerzy\u0107 swoje portfolio o <strong>nieruchomo\u015bci w Czarnog\u00f3rze<\/strong>, nieruchomo\u015bci w Pr\u017eno oferuj\u0105 bezpiecze\u0144stwo i potencja\u0142 zysku. Wi\u0119cej atrakcyjnych ofert znajdziesz tutaj:<\/p>\n\n\n\n<ul class=\"wp-block-list\">\n<li><a href=\"https:\/\/montenegro-real-estate.com\/pl\/mieszkania-na-sprzedaz-w-budvie\/\">Mieszkania na Sprzeda\u017c w Budvie<\/a><\/li>\n\n\n\n<li><a href=\"https:\/\/montenegro-real-estate.com\/pl\/mieszkania-na-sprzedaz-w-czarnogorze\/\">Mieszkania na Sprzeda\u017c w Czarnog\u00f3rze<\/a><\/li>\n\n\n\n<li><a href=\"https:\/\/montenegro-real-estate.com\/pl\/\">Nieruchomo\u015bci na sprzeda\u017c w Czarnog\u00f3rze<\/a><\/li>\n\n\n\n<li><a href=\"https:\/\/montenegro-real-estate.com\/pl\/naszych-uslugach\/\">Us\u0142ugi<\/a><\/li>\n\n\n\n<li><a href=\"https:\/\/montenegro-real-estate.com\/pl\/sprzedac-nieruchomosc\/\">Sprzedaj swoj\u0105 nieruchomo\u015b\u0107 w Czarnog\u00f3rze<\/a><\/li>\n<\/ul>\n\n\n\n<p><strong>Zewn\u0119trzne, zweryfikowane \u017ar\u00f3d\u0142a<\/strong><\/p>\n\n\n\n<ul class=\"wp-block-list\">\n<li><a href=\"https:\/\/www.montenegro.travel\/en\" target=\"_blank\" rel=\"noreferrer noopener\">Montenegro Travel \u2013 Przegl\u0105d Budvy<\/a><\/li>\n\n\n\n<li><a class=\"\" href=\"https:\/\/en.wikipedia.org\/wiki\/Budva\" target=\"_blank\" rel=\"noreferrer noopener\">Wikipedia \u2013 Budva<\/a><\/li>\n\n\n\n<li><a class=\"\" href=\"https:\/\/mia.gov.me\/\" target=\"_blank\" rel=\"noreferrer noopener\">Invest in Montenegro \u2013 Portal rz\u0105dowy<\/a><\/li>\n<\/ul>\n\n\n\n<hr class=\"wp-block-separator has-alpha-channel-opacity\"\/>\n\n\n\n<h2 class=\"wp-block-heading\">Kontakt i ogl\u0105danie<\/h2>\n\n\n\n<p>Aby uzyska\u0107 wi\u0119cej informacji lub um\u00f3wi\u0107 si\u0119 na ogl\u0105danie, skontaktuj si\u0119 z nami:<\/p>\n\n\n\n<p>\ud83d\udcde <strong>Telefon:<\/strong> +382 68 431 853<br>\ud83d\udce7 <strong>E-mail:<\/strong> <a href=\"https:\/\/montenegro-real-estate.com\/pl\/kontakt\/\">sales@montenegro-real-estate.com<\/a><br>\ud83c\udf10 <strong>Strona internetowa:<\/strong> <a class=\"\" href=\"https:\/\/montenegro-real-estate.com\/pl\/\">www.montenegro-real-estate.com<\/a><\/p>\n\n\n\n<hr class=\"wp-block-separator has-alpha-channel-opacity\"\/>\n\n\n\n<p><strong><em>Mieszkanie 2-pokojowe na sprzeda\u017c w Pr\u017eno<\/em><\/strong> \u2013 <strong>Nie przegap tej okazji,<\/strong> aby zosta\u0107 w\u0142a\u015bcicielem cichego, pi\u0119knego apartamentu z widokiem na morze w jednej z najspokojniejszych lokalizacji w Budvie. Dzia\u0142aj teraz \u2013 takie oferty nie zalegaj\u0105 na rynku!<\/p>\n\n\n\n<p><\/p>","protected":false},"excerpt":{"rendered":"<p>2-bedroom apartment for sale in Pr\u017eno-Prime Real Estate in Budva\u2019s Tranquil Suburb Looking for real estate in Budva with sea views and investment potential? This spacious 2-bedroom apartment in Pr\u017eno could be the perfect choice. Set in one of Montenegro\u2019s most charming coastal villages, this property offers a rare blend of comfort, peace, and proximity [&hellip;]<\/p>\n","protected":false},"author":1,"featured_media":47116,"parent":0,"menu_order":0,"template":"","property_type":[132],"property_status":[170],"property_feature":[202,406,191,194,283,145],"property_label":[],"property_country":[305],"property_state":[317],"property_city":[225],"class_list":["post-47115","property","type-property","status-houzez_sold","has-post-thumbnail","hentry","property_type-apartments","property_status-sold","property_feature-air-conditioners","property_feature-elevator","property_feature-furniture","property_feature-mountain-view","property_feature-sea-view","property_feature-terrace","property_country-montenegro","property_state-budva-region","property_city-przno"],"property_meta":{"_edit_lock":["1775646055:1"],"rank_math_internal_links_processed":["1"],"rank_math_primary_property_city":["225"],"rank_math_seo_score":["76"],"rank_math_contentai_score":["a:5:{s:8:\"keywords\";s:5:\"74.51\";s:9:\"wordCount\";s:1:\"0\";s:9:\"linkCount\";s:1:\"0\";s:12:\"headingCount\";s:1:\"0\";s:10:\"mediaCount\";s:1:\"0\";}"],"rank_math_focus_keyword":["2-Bedroom Apartment for Sale in Pr\u017eno,apartment for sale in montenegro"],"rank_math_title":["2-Bedroom Apartment for Sale in Pr\u017eno \u2013 Amazing Sea View"],"rank_math_description":["Spacious 2-bedroom apartment for sale in Pr\u017eno, Budva with sea view. Great investment potential. Quiet area, high ceilings, 400m to the beach."],"_thumbnail_id":["47116"],"_edit_last":["1"],"fave_property_price":["180000"],"fave_show_price_placeholder":["0"],"fave_property_size":["60"],"fave_property_size_prefix":["m2"],"fave_property_bedrooms":["2"],"fave_property_bathrooms":["1"],"fave_property_id":["NB90"],"fave_distance-to-the-sea":["400m"],"fave_property_map":["1"],"fave_property_map_address":["Pr\u017eno, Op\u0161tina Budva, Crna Gora \/ \u0426\u0440\u043d\u0430 \u0413\u043e\u0440\u0430"],"fave_property_location":["42.268107,18.8938065,15"],"houzez_geolocation_lat":["42.268107"],"houzez_geolocation_long":["18.8938065"],"fave_property_map_street_view":["hide"],"fave_featured":["0"],"houzez_featured_listing_date":[""],"fave_loggedintoview":["0"],"fave_agent_display_option":["author_info"],"fave_prop_homeslider":["no"],"fave_single_top_area":["global"],"fave_single_content_area":["global"],"houzez_manual_expire":["0"],"_houzez_expiration_date_status":["saved"],"houzez_total_property_views":["927"],"houzez_views_by_date":["a:61:{s:10:\"02-26-2026\";i:3;s:10:\"02-27-2026\";i:6;s:10:\"02-28-2026\";i:12;s:10:\"03-01-2026\";i:10;s:10:\"03-02-2026\";i:5;s:10:\"03-03-2026\";i:9;s:10:\"03-04-2026\";i:6;s:10:\"03-05-2026\";i:5;s:10:\"03-06-2026\";i:12;s:10:\"03-07-2026\";i:2;s:10:\"03-08-2026\";i:4;s:10:\"03-09-2026\";i:6;s:10:\"03-10-2026\";i:3;s:10:\"03-11-2026\";i:3;s:10:\"03-12-2026\";i:6;s:10:\"03-13-2026\";i:5;s:10:\"03-14-2026\";i:12;s:10:\"03-15-2026\";i:1;s:10:\"03-16-2026\";i:5;s:10:\"03-17-2026\";i:3;s:10:\"03-18-2026\";i:4;s:10:\"03-19-2026\";i:1;s:10:\"03-20-2026\";i:3;s:10:\"03-21-2026\";i:1;s:10:\"03-22-2026\";i:3;s:10:\"03-23-2026\";i:3;s:10:\"03-24-2026\";i:6;s:10:\"03-25-2026\";i:6;s:10:\"03-26-2026\";i:7;s:10:\"03-27-2026\";i:1;s:10:\"03-28-2026\";i:5;s:10:\"03-29-2026\";i:9;s:10:\"03-30-2026\";i:24;s:10:\"03-31-2026\";i:6;s:10:\"04-01-2026\";i:4;s:10:\"04-02-2026\";i:4;s:10:\"04-03-2026\";i:1;s:10:\"04-04-2026\";i:2;s:10:\"04-05-2026\";i:3;s:10:\"04-06-2026\";i:1;s:10:\"04-07-2026\";i:4;s:10:\"04-08-2026\";i:11;s:10:\"04-09-2026\";i:1;s:10:\"04-10-2026\";i:2;s:10:\"04-11-2026\";i:4;s:10:\"04-13-2026\";i:2;s:10:\"04-14-2026\";i:4;s:10:\"04-15-2026\";i:4;s:10:\"04-16-2026\";i:5;s:10:\"04-17-2026\";i:7;s:10:\"04-18-2026\";i:9;s:10:\"04-19-2026\";i:6;s:10:\"04-20-2026\";i:9;s:10:\"04-21-2026\";i:3;s:10:\"04-22-2026\";i:4;s:10:\"04-23-2026\";i:4;s:10:\"04-24-2026\";i:2;s:10:\"04-25-2026\";i:5;s:10:\"04-26-2026\";i:4;s:10:\"04-27-2026\";i:7;s:10:\"04-28-2026\";i:2;}"],"houzez_recently_viewed":["2026-04-28 07:29:07"],"_wptg_p2tg_sent2tg":["2025-06-03 20:57:15"],"_cmplz_scanned_post":["1"],"fave_property_images":["47116","47117","47118","47119","47120","47121","47122","47123","47124","47125","47126","47127","47128","47129","47130"]},"_links":{"self":[{"href":"https:\/\/montenegro-real-estate.com\/pl\/wp-json\/wp\/v2\/properties\/47115","targetHints":{"allow":["GET"]}}],"collection":[{"href":"https:\/\/montenegro-real-estate.com\/pl\/wp-json\/wp\/v2\/properties"}],"about":[{"href":"https:\/\/montenegro-real-estate.com\/pl\/wp-json\/wp\/v2\/types\/property"}],"author":[{"embeddable":true,"href":"https:\/\/montenegro-real-estate.com\/pl\/wp-json\/wp\/v2\/users\/1"}],"version-history":[{"count":1,"href":"https:\/\/montenegro-real-estate.com\/pl\/wp-json\/wp\/v2\/properties\/47115\/revisions"}],"predecessor-version":[{"id":52884,"href":"https:\/\/montenegro-real-estate.com\/pl\/wp-json\/wp\/v2\/properties\/47115\/revisions\/52884"}],"wp:featuredmedia":[{"embeddable":true,"href":"https:\/\/montenegro-real-estate.com\/pl\/wp-json\/wp\/v2\/media\/47116"}],"wp:attachment":[{"href":"https:\/\/montenegro-real-estate.com\/pl\/wp-json\/wp\/v2\/media?parent=47115"}],"wp:term":[{"taxonomy":"property_type","embeddable":true,"href":"https:\/\/montenegro-real-estate.com\/pl\/wp-json\/wp\/v2\/property_type?post=47115"},{"taxonomy":"property_status","embeddable":true,"href":"https:\/\/montenegro-real-estate.com\/pl\/wp-json\/wp\/v2\/property_status?post=47115"},{"taxonomy":"property_feature","embeddable":true,"href":"https:\/\/montenegro-real-estate.com\/pl\/wp-json\/wp\/v2\/property_feature?post=47115"},{"taxonomy":"property_label","embeddable":true,"href":"https:\/\/montenegro-real-estate.com\/pl\/wp-json\/wp\/v2\/property_label?post=47115"},{"taxonomy":"property_country","embeddable":true,"href":"https:\/\/montenegro-real-estate.com\/pl\/wp-json\/wp\/v2\/property_country?post=47115"},{"taxonomy":"property_state","embeddable":true,"href":"https:\/\/montenegro-real-estate.com\/pl\/wp-json\/wp\/v2\/property_state?post=47115"},{"taxonomy":"property_city","embeddable":true,"href":"https:\/\/montenegro-real-estate.com\/pl\/wp-json\/wp\/v2\/property_city?post=47115"}],"curies":[{"name":"wp","href":"https:\/\/api.w.org\/{rel}","templated":true}]}}